{"id":19,"date":"2018-09-11T16:52:40","date_gmt":"2018-09-11T16:52:40","guid":{"rendered":"http:\/\/lasfloristas.orson.ro\/?page_id=19"},"modified":"2022-05-31T07:44:07","modified_gmt":"2022-05-31T07:44:07","slug":"contact-elena-anne-marie-florist","status":"publish","type":"page","link":"https:\/\/elenaannemarie.com\/ro\/contact-elena-anne-marie-florist\/","title":{"rendered":"Contact"},"content":{"rendered":"\n<p>Sunt <a href=\"https:\/\/www.instagram.com\/elena.annemarie\/\">Elena<\/a><a href=\"https:\/\/elenaannemarie.com\/ro\/contact\/\"> Anne-Marie &#8211; florist<\/a>, pentru c\u0103 doresc s\u0103-\u021bi acord aten\u021bie \u00een detaliu, anual, selectez un num\u0103r limitat de nun\u021bi.  <\/p>\n\n\n\n<p>A\u0219a cum vei vedea \u0219i din recomand\u0103rile pe care le-am primit p\u00e2n\u0103 \u00een prezent, concep \u0219i realizez aranjamente florale cu minu\u021biozitate. <\/p>\n\n\n\n<p>Buchete, instala\u021bii florale de mari dimensiuni, accesorii sau orice alt\u0103 idee floral\u0103 ambi\u021bioas\u0103, luxuriant\u0103 sau opulent\u0103 vor crea scenografia important pentru cele mai frumoase amintiri din ziua nun\u021bii tale. Totul se va \u00eencadra armonios, a\u0219a cum ai visat!<\/p>\n\n\n\n<p>Stilul meu definitoriu este garden style. Tocmai de aceea nun\u021bile tematice alese sunt \u00een armonie cu acest stil, dar totu\u0219i, ideile \u201dout of the box\u201d m\u0103 ambi\u021bioneaz\u0103 \u0219i-mi provoac\u0103 creativitatea.<\/p>\n\n\n\n<p>Te invit s\u0103 m\u0103 contactezi pentru o discu\u021bie cu semnifica\u021bie despre <a href=\"https:\/\/www.instagram.com\/elena.annemarie\/\">nun\u021bi sau evenimente<\/a> speciale desprinse din natur\u0103.<\/p>\n\n\n\n<p>Elena Anne-Marie florist.<\/p>\n\n\n\n<p><\/p>\n\n\n\n<p><\/p>\n","protected":false},"excerpt":{"rendered":"<p>Sunt Elena Anne-Marie &#8211; florist, pentru c\u0103 doresc s\u0103-\u021bi acord aten\u021bie \u00een detaliu, anual, selectez un num\u0103r limitat de nun\u021bi. A\u0219a cum vei vedea \u0219i din recomand\u0103rile pe care le-am primit p\u00e2n\u0103 \u00een prezent, concep \u0219i realizez aranjamente florale cu minu\u021biozitate. Buchete, instala\u021bii florale de mari dimensiuni, accesorii sau orice alt\u0103 idee floral\u0103 ambi\u021bioas\u0103, luxuriant\u0103 [&hellip;]<\/p>\n","protected":false},"author":1,"featured_media":974,"parent":0,"menu_order":0,"comment_status":"closed","ping_status":"closed","template":"page-contact.php","meta":{"om_disable_all_campaigns":false},"yoast_head":"<!-- This site is optimized with the Yoast SEO plugin v18.0 - https:\/\/yoast.com\/wordpress\/plugins\/seo\/ -->\n<title>Florist Elena Anne-Marie<\/title>\n<meta name=\"description\" content=\"E modul meu, asumat, \u00een care pot s\u0103-mi expun c\u0103l\u0103toria profesional\u0103 \u00een designul floral. Sunt un florist f\u0103r\u0103 team\u0103 de necunoscut.\" \/>\n<meta name=\"robots\" content=\"index, follow, max-snippet:-1, max-image-preview:large, max-video-preview:-1\" \/>\n<link rel=\"canonical\" href=\"https:\/\/elenaannemarie.com\/ro\/contact-elena-anne-marie-florist\/\" \/>\n<meta property=\"og:locale\" content=\"ro_RO\" \/>\n<meta property=\"og:type\" content=\"article\" \/>\n<meta property=\"og:title\" content=\"Florist Elena Anne-Marie\" \/>\n<meta property=\"og:description\" content=\"E modul meu, asumat, \u00een care pot s\u0103-mi expun c\u0103l\u0103toria profesional\u0103 \u00een designul floral. Sunt un florist f\u0103r\u0103 team\u0103 de necunoscut.\" \/>\n<meta property=\"og:url\" content=\"https:\/\/elenaannemarie.com\/ro\/contact-elena-anne-marie-florist\/\" \/>\n<meta property=\"article:modified_time\" content=\"2022-05-31T07:44:07+00:00\" \/>\n<meta property=\"og:image\" content=\"https:\/\/elenaannemarie.com\/wp-content\/uploads\/2020\/01\/MADestinationGreeceWeddingbyIoanaPorav248-scaled.jpg\" \/>\n\t<meta property=\"og:image:width\" content=\"2560\" \/>\n\t<meta property=\"og:image:height\" content=\"1708\" \/>\n\t<meta property=\"og:image:type\" content=\"image\/jpeg\" \/>\n<meta name=\"twitter:card\" content=\"summary_large_image\" \/>\n<meta name=\"twitter:label1\" content=\"Timp estimat pentru citire\" \/>\n\t<meta name=\"twitter:data1\" content=\"1 minut\" \/>\n<script type=\"application\/ld+json\" class=\"yoast-schema-graph\">{\"@context\":\"https:\/\/schema.org\",\"@graph\":[{\"@type\":[\"Person\",\"Organization\"],\"@id\":\"https:\/\/elenaannemarie.com\/#\/schema\/person\/3167493b3ed5cd2606435f2e478208a9\",\"name\":\"Elena Anne-Marie\",\"image\":{\"@type\":\"ImageObject\",\"@id\":\"https:\/\/elenaannemarie.com\/#personlogo\",\"inLanguage\":\"ro-RO\",\"url\":\"https:\/\/elenaannemarie.com\/wp-content\/uploads\/2022\/01\/Simple-Botanic-Branch-Line-Hand-Written-Logo-3.jpg\",\"contentUrl\":\"https:\/\/elenaannemarie.com\/wp-content\/uploads\/2022\/01\/Simple-Botanic-Branch-Line-Hand-Written-Logo-3.jpg\",\"width\":500,\"height\":500,\"caption\":\"Elena Anne-Marie\"},\"logo\":{\"@id\":\"https:\/\/elenaannemarie.com\/#personlogo\"}},{\"@type\":\"WebSite\",\"@id\":\"https:\/\/elenaannemarie.com\/#website\",\"url\":\"https:\/\/elenaannemarie.com\/\",\"name\":\"\",\"description\":\"Elena Anne-Marie               florist \",\"publisher\":{\"@id\":\"https:\/\/elenaannemarie.com\/#\/schema\/person\/3167493b3ed5cd2606435f2e478208a9\"},\"potentialAction\":[{\"@type\":\"SearchAction\",\"target\":{\"@type\":\"EntryPoint\",\"urlTemplate\":\"https:\/\/elenaannemarie.com\/?s={search_term_string}\"},\"query-input\":\"required name=search_term_string\"}],\"inLanguage\":\"ro-RO\"},{\"@type\":\"ImageObject\",\"@id\":\"https:\/\/elenaannemarie.com\/contact-elena-anne-marie-florist\/#primaryimage\",\"inLanguage\":\"ro-RO\",\"url\":\"https:\/\/elenaannemarie.com\/wp-content\/uploads\/2020\/01\/MADestinationGreeceWeddingbyIoanaPorav248-scaled.jpg\",\"contentUrl\":\"https:\/\/elenaannemarie.com\/wp-content\/uploads\/2020\/01\/MADestinationGreeceWeddingbyIoanaPorav248-scaled.jpg\",\"width\":2560,\"height\":1708,\"caption\":\"florist\"},{\"@type\":\"WebPage\",\"@id\":\"https:\/\/elenaannemarie.com\/contact-elena-anne-marie-florist\/#webpage\",\"url\":\"https:\/\/elenaannemarie.com\/contact-elena-anne-marie-florist\/\",\"name\":\"Florist Elena Anne-Marie\",\"isPartOf\":{\"@id\":\"https:\/\/elenaannemarie.com\/#website\"},\"primaryImageOfPage\":{\"@id\":\"https:\/\/elenaannemarie.com\/contact-elena-anne-marie-florist\/#primaryimage\"},\"datePublished\":\"2018-09-11T16:52:40+00:00\",\"dateModified\":\"2022-05-31T07:44:07+00:00\",\"description\":\"E modul meu, asumat, \u00een care pot s\u0103-mi expun c\u0103l\u0103toria profesional\u0103 \u00een designul floral. Sunt un florist f\u0103r\u0103 team\u0103 de necunoscut.\",\"breadcrumb\":{\"@id\":\"https:\/\/elenaannemarie.com\/contact-elena-anne-marie-florist\/#breadcrumb\"},\"inLanguage\":\"ro-RO\",\"potentialAction\":[{\"@type\":\"ReadAction\",\"target\":[\"https:\/\/elenaannemarie.com\/contact-elena-anne-marie-florist\/\"]}]},{\"@type\":\"BreadcrumbList\",\"@id\":\"https:\/\/elenaannemarie.com\/contact-elena-anne-marie-florist\/#breadcrumb\",\"itemListElement\":[{\"@type\":\"ListItem\",\"position\":1,\"name\":\"Home\",\"item\":\"https:\/\/elenaannemarie.com\/\"},{\"@type\":\"ListItem\",\"position\":2,\"name\":\"Contact\"}]}]}<\/script>\n<!-- \/ Yoast SEO plugin. -->","yoast_head_json":{"title":"Florist Elena Anne-Marie","description":"E modul meu, asumat, \u00een care pot s\u0103-mi expun c\u0103l\u0103toria profesional\u0103 \u00een designul floral. Sunt un florist f\u0103r\u0103 team\u0103 de necunoscut.","robots":{"index":"index","follow":"follow","max-snippet":"max-snippet:-1","max-image-preview":"max-image-preview:large","max-video-preview":"max-video-preview:-1"},"canonical":"https:\/\/elenaannemarie.com\/ro\/contact-elena-anne-marie-florist\/","og_locale":"ro_RO","og_type":"article","og_title":"Florist Elena Anne-Marie","og_description":"E modul meu, asumat, \u00een care pot s\u0103-mi expun c\u0103l\u0103toria profesional\u0103 \u00een designul floral. Sunt un florist f\u0103r\u0103 team\u0103 de necunoscut.","og_url":"https:\/\/elenaannemarie.com\/ro\/contact-elena-anne-marie-florist\/","article_modified_time":"2022-05-31T07:44:07+00:00","og_image":[{"width":2560,"height":1708,"url":"https:\/\/elenaannemarie.com\/wp-content\/uploads\/2020\/01\/MADestinationGreeceWeddingbyIoanaPorav248-scaled.jpg","type":"image\/jpeg"}],"twitter_card":"summary_large_image","twitter_misc":{"Timp estimat pentru citire":"1 minut"},"schema":{"@context":"https:\/\/schema.org","@graph":[{"@type":["Person","Organization"],"@id":"https:\/\/elenaannemarie.com\/#\/schema\/person\/3167493b3ed5cd2606435f2e478208a9","name":"Elena Anne-Marie","image":{"@type":"ImageObject","@id":"https:\/\/elenaannemarie.com\/#personlogo","inLanguage":"ro-RO","url":"https:\/\/elenaannemarie.com\/wp-content\/uploads\/2022\/01\/Simple-Botanic-Branch-Line-Hand-Written-Logo-3.jpg","contentUrl":"https:\/\/elenaannemarie.com\/wp-content\/uploads\/2022\/01\/Simple-Botanic-Branch-Line-Hand-Written-Logo-3.jpg","width":500,"height":500,"caption":"Elena Anne-Marie"},"logo":{"@id":"https:\/\/elenaannemarie.com\/#personlogo"}},{"@type":"WebSite","@id":"https:\/\/elenaannemarie.com\/#website","url":"https:\/\/elenaannemarie.com\/","name":"","description":"Elena Anne-Marie               florist ","publisher":{"@id":"https:\/\/elenaannemarie.com\/#\/schema\/person\/3167493b3ed5cd2606435f2e478208a9"},"potentialAction":[{"@type":"SearchAction","target":{"@type":"EntryPoint","urlTemplate":"https:\/\/elenaannemarie.com\/?s={search_term_string}"},"query-input":"required name=search_term_string"}],"inLanguage":"ro-RO"},{"@type":"ImageObject","@id":"https:\/\/elenaannemarie.com\/contact-elena-anne-marie-florist\/#primaryimage","inLanguage":"ro-RO","url":"https:\/\/elenaannemarie.com\/wp-content\/uploads\/2020\/01\/MADestinationGreeceWeddingbyIoanaPorav248-scaled.jpg","contentUrl":"https:\/\/elenaannemarie.com\/wp-content\/uploads\/2020\/01\/MADestinationGreeceWeddingbyIoanaPorav248-scaled.jpg","width":2560,"height":1708,"caption":"florist"},{"@type":"WebPage","@id":"https:\/\/elenaannemarie.com\/contact-elena-anne-marie-florist\/#webpage","url":"https:\/\/elenaannemarie.com\/contact-elena-anne-marie-florist\/","name":"Florist Elena Anne-Marie","isPartOf":{"@id":"https:\/\/elenaannemarie.com\/#website"},"primaryImageOfPage":{"@id":"https:\/\/elenaannemarie.com\/contact-elena-anne-marie-florist\/#primaryimage"},"datePublished":"2018-09-11T16:52:40+00:00","dateModified":"2022-05-31T07:44:07+00:00","description":"E modul meu, asumat, \u00een care pot s\u0103-mi expun c\u0103l\u0103toria profesional\u0103 \u00een designul floral. Sunt un florist f\u0103r\u0103 team\u0103 de necunoscut.","breadcrumb":{"@id":"https:\/\/elenaannemarie.com\/contact-elena-anne-marie-florist\/#breadcrumb"},"inLanguage":"ro-RO","potentialAction":[{"@type":"ReadAction","target":["https:\/\/elenaannemarie.com\/contact-elena-anne-marie-florist\/"]}]},{"@type":"BreadcrumbList","@id":"https:\/\/elenaannemarie.com\/contact-elena-anne-marie-florist\/#breadcrumb","itemListElement":[{"@type":"ListItem","position":1,"name":"Home","item":"https:\/\/elenaannemarie.com\/"},{"@type":"ListItem","position":2,"name":"Contact"}]}]}},"_links":{"self":[{"href":"https:\/\/elenaannemarie.com\/ro\/wp-json\/wp\/v2\/pages\/19"}],"collection":[{"href":"https:\/\/elenaannemarie.com\/ro\/wp-json\/wp\/v2\/pages"}],"about":[{"href":"https:\/\/elenaannemarie.com\/ro\/wp-json\/wp\/v2\/types\/page"}],"author":[{"embeddable":true,"href":"https:\/\/elenaannemarie.com\/ro\/wp-json\/wp\/v2\/users\/1"}],"replies":[{"embeddable":true,"href":"https:\/\/elenaannemarie.com\/ro\/wp-json\/wp\/v2\/comments?post=19"}],"version-history":[{"count":9,"href":"https:\/\/elenaannemarie.com\/ro\/wp-json\/wp\/v2\/pages\/19\/revisions"}],"predecessor-version":[{"id":1145,"href":"https:\/\/elenaannemarie.com\/ro\/wp-json\/wp\/v2\/pages\/19\/revisions\/1145"}],"wp:featuredmedia":[{"embeddable":true,"href":"https:\/\/elenaannemarie.com\/ro\/wp-json\/wp\/v2\/media\/974"}],"wp:attachment":[{"href":"https:\/\/elenaannemarie.com\/ro\/wp-json\/wp\/v2\/media?parent=19"}],"curies":[{"name":"wp","href":"https:\/\/api.w.org\/{rel}","templated":true}]}}