{"id":6,"date":"2018-09-11T08:18:25","date_gmt":"2018-09-11T08:18:25","guid":{"rendered":"http:\/\/lasfloristas.orson.ro\/?page_id=6"},"modified":"2022-01-24T16:19:35","modified_gmt":"2022-01-24T16:19:35","slug":"introducere-creativitatea-cel-mai-mare-atu","status":"publish","type":"page","link":"https:\/\/elenaannemarie.com\/ro\/introducere-creativitatea-cel-mai-mare-atu\/","title":{"rendered":"Introducere"},"content":{"rendered":"\n<p>Draga mea, \u00eenc\u00e2ntarea pe care via\u021ba mea cotidian\u0103 o poart\u0103 zilnic cu m\u00e2ndrie este&nbsp;<strong>CREATIVITATEA<\/strong>&nbsp;\u2013 cel mai mare atu care-mi inspir\u0103 via\u021ba profesional\u0103 &amp; personal\u0103, companioan\u0103 nelipsit\u0103 care-mi ad\u0103poste\u0219te ideile \u0219i g\u00e2ndurile ce mereu le translatez cu aten\u021bie \u0219i grij\u0103 \u00een agend\u0103.<\/p>\n\n\n\n<p>Pentru c\u0103 am crescut \u00eentr-o familie de antreprenori, o afacere \u201da mea\u201d a fost mereu printre priorit\u0103\u021bile mele.<\/p>\n\n\n\n<p>Am terminat cu o veselie plin\u0103 de gra\u021bie Liceul de Arte&nbsp; \u2013 ,,Regina Maria\u201d pentru ca mai apoi s\u0103 pornesc de la Facultatea de Peisagistic\u0103&nbsp; \u0219i \u00een&nbsp; 2013 s\u0103 \u00eencep primele proiecte.&nbsp; \u00cen&nbsp; 2015 am \u00eenfiin\u021bat prima firm\u0103&nbsp; \u2013 Las Floristas al\u0103turi de \u00eenc\u0103 doi membri fondatori.<\/p>\n\n\n\n<p>Din&nbsp; 2013 p\u00e2n\u0103 \u00een prezent doar asta am f\u0103cut. M-am culcat \u0219i m-am trezit cu florile \u00een minte iar din 2017, proiectele partenerelor mele s-au rafinat spre alte activit\u0103\u021bi.<\/p>\n\n\n\n<p>Din 2017 mi-am alc\u0103tuit o nou\u0103 echip\u0103 \u00eens\u0103 am activat cu acela\u0219i nume. Am fost prieten\u0103 \u0219i mentor pentru Andreea &amp; M\u0103d\u0103lina &amp; Antonia &amp; Crina.<\/p>\n\n\n\n<p>\u00cen tot acest timp ca s\u0103 pot s\u0103 fiu \u201dun exemplu de m\u00e2n\u0103 de fier \u00een m\u0103nu\u0219\u0103 de catifea\u201d am absolvit urm\u0103toarele cursuri \u0219i specializ\u0103ri:<\/p>\n\n\n\n<ul><li><a href=\"https:\/\/www.facebook.com\/watch\/FloristiqArt\/\">Floristiq Art<\/a><\/li><li><a href=\"https:\/\/www.facebook.com\/juliepearsonfloraldesigner\">Julie Pearson<\/a><\/li><li>Stjin Simaeyes<\/li><li>&nbsp;<a href=\"https:\/\/binderi-online.dk\/\">Linda Nielsen&nbsp;<\/a><\/li><li>&nbsp;<a href=\"https:\/\/www.facebook.com\/amanda.randell.50\">Amanda Randell<\/a><\/li><li><a href=\"https:\/\/www.flowerweb.com\/en\/user\/designer\/113886\/Tamas+Endre+Mezoffy\">Tamas Mezoffy<\/a><\/li><li><a href=\"http:\/\/www.ivanbergh.com\/\">Ivan Bergh School<\/a><\/li><li><a href=\"https:\/\/www.facebook.com\/nicu.bocancea\">Nicu Bocancea<\/a><\/li><li><a href=\"https:\/\/gregorlersch.de\/\">Gregor Lersch<\/a><\/li><\/ul>\n\n\n\n<p>Cursuri online cu renumi\u021bi flori\u0219ti americani:<\/p>\n\n\n\n<ul><li><a href=\"https:\/\/www.hollychappleflowers.com\/?fbclid=IwAR2ybj7EZ5MmxIrVqH2hb4MGQ-yyk6r4m2xi4tPPBEEKoWXTUDnZod4q4dA\">Holly Chapel<\/a>&nbsp;\u2013 membr\u0103 \u0219i \u00een comunitatea ei de Greenhouse<\/li><li><a href=\"https:\/\/tulipina.com\/\">Tulipina\/ Kiana Underwood<\/a>&nbsp;\u2013 destination wedding florist&nbsp; ( dup\u0103 cum bine \u0219ti\u021bi \u00eemi plac nuntile cu&nbsp;<a href=\"https:\/\/www.destinationwedding.ro\/en\/\">destinatie<\/a>)<\/li><li><a href=\"https:\/\/www.ponderosaandthyme.com\/\">Ponderosa and Thyme \u2013 Katie&nbsp; Rosellen<\/a>&nbsp; \u2013 floral installation \u0219i&nbsp; membru \u00een Ponderosa &amp; Thyme Community.<\/li><li><a href=\"https:\/\/sweetrootvillage.com\/\">Sweet Root Village<\/a>&nbsp;\u2013 Village School House<\/li><\/ul>\n\n\n\n<p>Cursuri de dezvoltare de Brand &amp; business:<\/p>\n\n\n\n<ul><li>Fabrica de Antreprenori<\/li><li>Curs de retailer \u2013 online<\/li><li>Curs de antreprenoriat \u2013 IES<\/li><li>Curs de Personal Brand \u2013 Manuela Ciugudean<\/li><\/ul>\n\n\n\n<p>\u00cen 2022 am \u00een\u021beles c\u0103 via\u021ba profesional\u0103 reu\u0219e\u0219te s\u0103 dep\u0103\u0219easc\u0103 \u0219i \u00eemplinirile \u0219i e\u0219ecurile \u0219i pornesc cu acela\u0219i portofoliu, cu mai mult\u0103 experien\u021b\u0103 \u0219i elan cu numele meu&nbsp;<a href=\"https:\/\/elenaannemarie.com\/\">Elena Anne-Marie<\/a>\u2013 florist.<\/p>\n\n\n\n<p>E modul meu, asumat \u2013 \u00een care pot s\u0103-mi expun c\u0103l\u0103toria profesional\u0103 \u00een designul floral.&nbsp; \u00cenc\u0103, mai caut aventuri, f\u0103r\u0103 team\u0103 de necunoscut.<\/p>\n\n\n\n<p>Te invit s\u0103 cite\u0219ti pagini de<a href=\"https:\/\/elenaannemarie.com\/ro\/blog\/\">\u00a0JURNAL<\/a>\u00a0pentru a descoperi creativitatea experien\u021belor mele vizuale &amp; olfactive care descriu s\u0103pt\u0103m\u00e2nal, via\u021ba  @ EAM florist.<\/p>\n\n\n\n<p>XOXO<\/p>\n","protected":false},"excerpt":{"rendered":"<p>Draga mea, \u00eenc\u00e2ntarea pe care via\u021ba mea cotidian\u0103 o poart\u0103 zilnic cu m\u00e2ndrie este&nbsp;CREATIVITATEA&nbsp;\u2013 cel mai mare atu care-mi inspir\u0103 via\u021ba profesional\u0103 &amp; personal\u0103, companioan\u0103 nelipsit\u0103 care-mi ad\u0103poste\u0219te ideile \u0219i g\u00e2ndurile ce mereu le translatez cu aten\u021bie \u0219i grij\u0103 \u00een agend\u0103. Pentru c\u0103 am crescut \u00eentr-o familie de antreprenori, o afacere \u201da mea\u201d a fost [&hellip;]<\/p>\n","protected":false},"author":1,"featured_media":942,"parent":0,"menu_order":0,"comment_status":"closed","ping_status":"closed","template":"page-about.php","meta":{"om_disable_all_campaigns":false},"yoast_head":"<!-- This site is optimized with the Yoast SEO plugin v18.0 - https:\/\/yoast.com\/wordpress\/plugins\/seo\/ -->\n<title>Introducere : despre mine Elena Anne-Marie florist- creativitatea<\/title>\n<meta name=\"description\" content=\"Creativitatea - cel mai mare atu care-mi inspir\u0103 via\u021ba profesional\u0103 &amp; personal\u0103, companioan\u0103 nelipsit\u0103 care-mi ad\u0103poste\u0219te ideile\" \/>\n<meta name=\"robots\" content=\"index, follow, max-snippet:-1, max-image-preview:large, max-video-preview:-1\" \/>\n<link rel=\"canonical\" href=\"https:\/\/elenaannemarie.com\/ro\/introducere-creativitatea-cel-mai-mare-atu\/\" \/>\n<meta property=\"og:locale\" content=\"ro_RO\" \/>\n<meta property=\"og:type\" content=\"article\" \/>\n<meta property=\"og:title\" content=\"Introducere : despre mine Elena Anne-Marie florist- creativitatea\" \/>\n<meta property=\"og:description\" content=\"Creativitatea - cel mai mare atu care-mi inspir\u0103 via\u021ba profesional\u0103 &amp; personal\u0103, companioan\u0103 nelipsit\u0103 care-mi ad\u0103poste\u0219te ideile\" \/>\n<meta property=\"og:url\" content=\"https:\/\/elenaannemarie.com\/ro\/introducere-creativitatea-cel-mai-mare-atu\/\" \/>\n<meta property=\"article:modified_time\" content=\"2022-01-24T16:19:35+00:00\" \/>\n<meta property=\"og:image\" content=\"https:\/\/elenaannemarie.com\/wp-content\/uploads\/2022\/01\/IMG_0583-scaled.jpg\" \/>\n\t<meta property=\"og:image:width\" content=\"1707\" \/>\n\t<meta property=\"og:image:height\" content=\"2560\" \/>\n\t<meta property=\"og:image:type\" content=\"image\/jpeg\" \/>\n<meta name=\"twitter:card\" content=\"summary_large_image\" \/>\n<meta name=\"twitter:label1\" content=\"Timp estimat pentru citire\" \/>\n\t<meta name=\"twitter:data1\" content=\"2 minute\" \/>\n<script type=\"application\/ld+json\" class=\"yoast-schema-graph\">{\"@context\":\"https:\/\/schema.org\",\"@graph\":[{\"@type\":[\"Person\",\"Organization\"],\"@id\":\"https:\/\/elenaannemarie.com\/#\/schema\/person\/3167493b3ed5cd2606435f2e478208a9\",\"name\":\"Elena Anne-Marie\",\"image\":{\"@type\":\"ImageObject\",\"@id\":\"https:\/\/elenaannemarie.com\/#personlogo\",\"inLanguage\":\"ro-RO\",\"url\":\"https:\/\/elenaannemarie.com\/wp-content\/uploads\/2022\/01\/Simple-Botanic-Branch-Line-Hand-Written-Logo-3.jpg\",\"contentUrl\":\"https:\/\/elenaannemarie.com\/wp-content\/uploads\/2022\/01\/Simple-Botanic-Branch-Line-Hand-Written-Logo-3.jpg\",\"width\":500,\"height\":500,\"caption\":\"Elena Anne-Marie\"},\"logo\":{\"@id\":\"https:\/\/elenaannemarie.com\/#personlogo\"}},{\"@type\":\"WebSite\",\"@id\":\"https:\/\/elenaannemarie.com\/#website\",\"url\":\"https:\/\/elenaannemarie.com\/\",\"name\":\"\",\"description\":\"Elena Anne-Marie               florist \",\"publisher\":{\"@id\":\"https:\/\/elenaannemarie.com\/#\/schema\/person\/3167493b3ed5cd2606435f2e478208a9\"},\"potentialAction\":[{\"@type\":\"SearchAction\",\"target\":{\"@type\":\"EntryPoint\",\"urlTemplate\":\"https:\/\/elenaannemarie.com\/?s={search_term_string}\"},\"query-input\":\"required name=search_term_string\"}],\"inLanguage\":\"ro-RO\"},{\"@type\":\"ImageObject\",\"@id\":\"https:\/\/elenaannemarie.com\/introducere-creativitatea-cel-mai-mare-atu\/#primaryimage\",\"inLanguage\":\"ro-RO\",\"url\":\"https:\/\/elenaannemarie.com\/wp-content\/uploads\/2022\/01\/IMG_0583-scaled.jpg\",\"contentUrl\":\"https:\/\/elenaannemarie.com\/wp-content\/uploads\/2022\/01\/IMG_0583-scaled.jpg\",\"width\":1707,\"height\":2560,\"caption\":\"creativitatea introducere\"},{\"@type\":\"WebPage\",\"@id\":\"https:\/\/elenaannemarie.com\/introducere-creativitatea-cel-mai-mare-atu\/#webpage\",\"url\":\"https:\/\/elenaannemarie.com\/introducere-creativitatea-cel-mai-mare-atu\/\",\"name\":\"Introducere : despre mine Elena Anne-Marie florist- creativitatea\",\"isPartOf\":{\"@id\":\"https:\/\/elenaannemarie.com\/#website\"},\"primaryImageOfPage\":{\"@id\":\"https:\/\/elenaannemarie.com\/introducere-creativitatea-cel-mai-mare-atu\/#primaryimage\"},\"datePublished\":\"2018-09-11T08:18:25+00:00\",\"dateModified\":\"2022-01-24T16:19:35+00:00\",\"description\":\"Creativitatea - cel mai mare atu care-mi inspir\u0103 via\u021ba profesional\u0103 & personal\u0103, companioan\u0103 nelipsit\u0103 care-mi ad\u0103poste\u0219te ideile\",\"breadcrumb\":{\"@id\":\"https:\/\/elenaannemarie.com\/introducere-creativitatea-cel-mai-mare-atu\/#breadcrumb\"},\"inLanguage\":\"ro-RO\",\"potentialAction\":[{\"@type\":\"ReadAction\",\"target\":[\"https:\/\/elenaannemarie.com\/introducere-creativitatea-cel-mai-mare-atu\/\"]}]},{\"@type\":\"BreadcrumbList\",\"@id\":\"https:\/\/elenaannemarie.com\/introducere-creativitatea-cel-mai-mare-atu\/#breadcrumb\",\"itemListElement\":[{\"@type\":\"ListItem\",\"position\":1,\"name\":\"Home\",\"item\":\"https:\/\/elenaannemarie.com\/\"},{\"@type\":\"ListItem\",\"position\":2,\"name\":\"Introducere\"}]}]}<\/script>\n<!-- \/ Yoast SEO plugin. -->","yoast_head_json":{"title":"Introducere : despre mine Elena Anne-Marie florist- creativitatea","description":"Creativitatea - cel mai mare atu care-mi inspir\u0103 via\u021ba profesional\u0103 & personal\u0103, companioan\u0103 nelipsit\u0103 care-mi ad\u0103poste\u0219te ideile","robots":{"index":"index","follow":"follow","max-snippet":"max-snippet:-1","max-image-preview":"max-image-preview:large","max-video-preview":"max-video-preview:-1"},"canonical":"https:\/\/elenaannemarie.com\/ro\/introducere-creativitatea-cel-mai-mare-atu\/","og_locale":"ro_RO","og_type":"article","og_title":"Introducere : despre mine Elena Anne-Marie florist- creativitatea","og_description":"Creativitatea - cel mai mare atu care-mi inspir\u0103 via\u021ba profesional\u0103 & personal\u0103, companioan\u0103 nelipsit\u0103 care-mi ad\u0103poste\u0219te ideile","og_url":"https:\/\/elenaannemarie.com\/ro\/introducere-creativitatea-cel-mai-mare-atu\/","article_modified_time":"2022-01-24T16:19:35+00:00","og_image":[{"width":1707,"height":2560,"url":"https:\/\/elenaannemarie.com\/wp-content\/uploads\/2022\/01\/IMG_0583-scaled.jpg","type":"image\/jpeg"}],"twitter_card":"summary_large_image","twitter_misc":{"Timp estimat pentru citire":"2 minute"},"schema":{"@context":"https:\/\/schema.org","@graph":[{"@type":["Person","Organization"],"@id":"https:\/\/elenaannemarie.com\/#\/schema\/person\/3167493b3ed5cd2606435f2e478208a9","name":"Elena Anne-Marie","image":{"@type":"ImageObject","@id":"https:\/\/elenaannemarie.com\/#personlogo","inLanguage":"ro-RO","url":"https:\/\/elenaannemarie.com\/wp-content\/uploads\/2022\/01\/Simple-Botanic-Branch-Line-Hand-Written-Logo-3.jpg","contentUrl":"https:\/\/elenaannemarie.com\/wp-content\/uploads\/2022\/01\/Simple-Botanic-Branch-Line-Hand-Written-Logo-3.jpg","width":500,"height":500,"caption":"Elena Anne-Marie"},"logo":{"@id":"https:\/\/elenaannemarie.com\/#personlogo"}},{"@type":"WebSite","@id":"https:\/\/elenaannemarie.com\/#website","url":"https:\/\/elenaannemarie.com\/","name":"","description":"Elena Anne-Marie               florist ","publisher":{"@id":"https:\/\/elenaannemarie.com\/#\/schema\/person\/3167493b3ed5cd2606435f2e478208a9"},"potentialAction":[{"@type":"SearchAction","target":{"@type":"EntryPoint","urlTemplate":"https:\/\/elenaannemarie.com\/?s={search_term_string}"},"query-input":"required name=search_term_string"}],"inLanguage":"ro-RO"},{"@type":"ImageObject","@id":"https:\/\/elenaannemarie.com\/introducere-creativitatea-cel-mai-mare-atu\/#primaryimage","inLanguage":"ro-RO","url":"https:\/\/elenaannemarie.com\/wp-content\/uploads\/2022\/01\/IMG_0583-scaled.jpg","contentUrl":"https:\/\/elenaannemarie.com\/wp-content\/uploads\/2022\/01\/IMG_0583-scaled.jpg","width":1707,"height":2560,"caption":"creativitatea introducere"},{"@type":"WebPage","@id":"https:\/\/elenaannemarie.com\/introducere-creativitatea-cel-mai-mare-atu\/#webpage","url":"https:\/\/elenaannemarie.com\/introducere-creativitatea-cel-mai-mare-atu\/","name":"Introducere : despre mine Elena Anne-Marie florist- creativitatea","isPartOf":{"@id":"https:\/\/elenaannemarie.com\/#website"},"primaryImageOfPage":{"@id":"https:\/\/elenaannemarie.com\/introducere-creativitatea-cel-mai-mare-atu\/#primaryimage"},"datePublished":"2018-09-11T08:18:25+00:00","dateModified":"2022-01-24T16:19:35+00:00","description":"Creativitatea - cel mai mare atu care-mi inspir\u0103 via\u021ba profesional\u0103 & personal\u0103, companioan\u0103 nelipsit\u0103 care-mi ad\u0103poste\u0219te ideile","breadcrumb":{"@id":"https:\/\/elenaannemarie.com\/introducere-creativitatea-cel-mai-mare-atu\/#breadcrumb"},"inLanguage":"ro-RO","potentialAction":[{"@type":"ReadAction","target":["https:\/\/elenaannemarie.com\/introducere-creativitatea-cel-mai-mare-atu\/"]}]},{"@type":"BreadcrumbList","@id":"https:\/\/elenaannemarie.com\/introducere-creativitatea-cel-mai-mare-atu\/#breadcrumb","itemListElement":[{"@type":"ListItem","position":1,"name":"Home","item":"https:\/\/elenaannemarie.com\/"},{"@type":"ListItem","position":2,"name":"Introducere"}]}]}},"_links":{"self":[{"href":"https:\/\/elenaannemarie.com\/ro\/wp-json\/wp\/v2\/pages\/6"}],"collection":[{"href":"https:\/\/elenaannemarie.com\/ro\/wp-json\/wp\/v2\/pages"}],"about":[{"href":"https:\/\/elenaannemarie.com\/ro\/wp-json\/wp\/v2\/types\/page"}],"author":[{"embeddable":true,"href":"https:\/\/elenaannemarie.com\/ro\/wp-json\/wp\/v2\/users\/1"}],"replies":[{"embeddable":true,"href":"https:\/\/elenaannemarie.com\/ro\/wp-json\/wp\/v2\/comments?post=6"}],"version-history":[{"count":5,"href":"https:\/\/elenaannemarie.com\/ro\/wp-json\/wp\/v2\/pages\/6\/revisions"}],"predecessor-version":[{"id":1011,"href":"https:\/\/elenaannemarie.com\/ro\/wp-json\/wp\/v2\/pages\/6\/revisions\/1011"}],"wp:featuredmedia":[{"embeddable":true,"href":"https:\/\/elenaannemarie.com\/ro\/wp-json\/wp\/v2\/media\/942"}],"wp:attachment":[{"href":"https:\/\/elenaannemarie.com\/ro\/wp-json\/wp\/v2\/media?parent=6"}],"curies":[{"name":"wp","href":"https:\/\/api.w.org\/{rel}","templated":true}]}}